{"id":4078,"date":"2018-07-09T14:43:11","date_gmt":"2018-07-09T12:43:11","guid":{"rendered":"http:\/\/oleradach.de\/?page_id=4078"},"modified":"2020-02-11T15:20:48","modified_gmt":"2020-02-11T14:20:48","slug":"datenschutzerklaerung","status":"publish","type":"page","link":"https:\/\/www.oleradach.de\/fotograf-koeln\/datenschutzerklaerung\/","title":{"rendered":"Datenschutzerkl\u00e4rung"},"content":{"rendered":"<h2>A. Datenschutzerkl\u00e4rung f\u00fcr den Internetauftritt von www.oleradach.de.com<\/h2>\n<h2>1. Gegenstand dieser Datenschutzerkl\u00e4rung<\/h2>\n<p>Wir freuen uns \u00fcber Ihr Interesse an unserem Internetauftritt und \u00a0unseren Angeboten auf unseren Webseiten. Der Schutz Ihrer \u00a0personenbezogenen Daten (im Folgenden kurz &#8222;Daten\u201c) ist uns ein gro\u00dfes \u00a0und sehr wichtiges Anliegen. Nachfolgend m\u00f6chten wir Sie daher \u00a0ausf\u00fchrlich dar\u00fcber informieren, welche Daten bei Ihrem Besuch unseres \u00a0Internetauftritts und Nutzung unserer dortigen Angebote erhoben und wie \u00a0diese von uns im Folgenden verarbeitet oder genutzt werden, ebenso wie, \u00a0welche begleitenden Schutzma\u00dfnahmen wir auch in technischer und \u00a0organisatorischer Hinsicht getroffen haben.<\/p>\n<h2>2. Verantwortlicher, Kontakt<\/h2>\n<p>Verantwortlicher gem\u00e4\u00df Art. 4 Abs. 7 EU-Datenschutz-Grundverordnung \u00a0(\u201eDS-GVO\u201c) ist Ole Radach. Kontakt mit uns k\u00f6nnen Sie auch \u00fcber die \u00a0E-Mail-Adresse post@oleradach.de aufnehmen. Dies gilt sowohl f\u00fcr \u00a0eine allgemeine Kontaktaufnahme zu unseren Angeboten als auch f\u00fcr \u00a0etwaige Fragen oder Anmerkungen zum Thema Datenschutz.<\/p>\n<h2>3. Server-Log-Daten<\/h2>\n<p>Im Rahmen des Besuches unserer Webseite (\u201einformatorische Nutzung\u201c) \u00a0werden automatisch auch personenbezogene Daten erhoben. F\u00fcr diese \u00a0informatorische Nutzung unseres Internetauftritts ist es grunds\u00e4tzlich \u00a0nicht erforderlich, dass Sie aktiv personenbezogene Daten angeben. \u00a0Vielmehr erheben und verwenden wir in diesem Fall nur diejenigen Ihrer \u00a0Daten, die uns Ihr Internetbrowser automatisch \u00fcbermittelt. Dazu geh\u00f6ren<\/p>\n<ul>\n<li>Datum und Uhrzeit des Abrufs einer unserer Webseiten;<\/li>\n<li>Ihren Browsertyp;<\/li>\n<li>die Browser-Einstellungen;<\/li>\n<li>das verwendete Betriebssystem;<\/li>\n<li>die von Ihnen zuletzt besuchte Seite;<\/li>\n<li>die \u00fcbertragene Datenmenge und der Zugriffsstatus (Datei \u00fcbertragen, Datei nicht gefunden etc.);<\/li>\n<li>Ihre IP-Adresse.<\/li>\n<\/ul>\n<p>Die Daten werden auf unseren Servern gespeichert. Eine Speicherung \u00a0dieser Daten zusammen mit anderen als den oben angegebenen \u00a0personenbezogenen Daten findet unsererseits nicht statt. Die \u00a0vor\u00fcbergehende Speicherung der IP-Adresse durch das System ist \u00a0notwendig, um eine Auslieferung der Webseite an den Rechner des Nutzers \u00a0zu erm\u00f6glichen. Hierf\u00fcr muss die IP-Adresse des Nutzers f\u00fcr die Dauer \u00a0der Sitzung gespeichert bleiben. Dar\u00fcberhinaus erstellen wir sogenannte \u00a0Logfiles. Die Speicherung der angelegten Logfiles erfolgt zur \u00a0Sicherstellung der Sicherheit unserer informationstechnischen Systeme. \u00a0Eine personenbezogene Auswertung der Daten, insbesondere zu \u00a0Marketingzwecken, findet nicht statt.<\/p>\n<p>Die Verarbeitung der \u00a0vorgenannten Daten ist f\u00fcr das Angebot einer Webseite gem\u00e4\u00df Art. 6 Abs. 1 \u00a0S.1 lit. b), lit. c), lit. f) DS-GVO zwingend technisch erforderlich, \u00a0um Ihnen unsere Webseite korrekt anzuzeigen und die Stabilit\u00e4t und \u00a0Sicherheit zu gew\u00e4hrleisten. Insbesondere wird mit der Erstellung von \u00a0Log-Files bezweckt, Angriffe auf unsere Systeme nachweisen zu k\u00f6nnen. \u00a0Sp\u00e4testens nach 7 Tagen l\u00f6schen wir Server-Log-Daten von unseren \u00a0Systemen.<\/p>\n<h2>4. Kontaktaufnahme<\/h2>\n<p>Die Verarbeitung Ihrer Daten im Rahmen einer Kontaktaufnahme per \u00a0E-Mail oder Telefon erfolgt je nach Anfrageinhalt bei rein \u00a0informatorischen Anfragen auf Grundlage Ihrer (mutma\u00dflichen) \u00a0Einwilligung gem\u00e4\u00df Art. 6 Abs. 1 S. 1 lit. a) DS-GVO, oder gem\u00e4\u00df Art. 6 \u00a0Abs. 1 S. 1 lit. b) DS-GVO, soweit die Kontaktaufnahmen im Zusammenhang \u00a0mit vertraglichen Erf\u00fcllungspflichten stehen. F\u00fcr die Kontaktaufnahme \u00a0\u00fcber unser Formular ben\u00f6tigen wir lediglich Ihre E-Mail-Adresse, um \u00a0Ihnen antworten zu k\u00f6nnen. Daneben k\u00f6nnen Sie freiwillig Ihren Namen \u00a0angeben, damit wir Sie pers\u00f6nlich ansprechen k\u00f6nnen.<\/p>\n<p>Ihre \u00a0Kontaktanfragen werden wir umgehend nach Bearbeitung l\u00f6schen, soweit \u00a0nicht gesetzliche Aufbewahrungsfristen eine weitergehende Aufbewahrung \u00a0erfordern.<\/p>\n<p><strong>reCAPTCHA<\/strong><\/p>\n<p>Zum Schutz Ihrer Anfragen per Internetformular verwenden wir den \u00a0Dienst reCAPTCHA des Unternehmens Google Inc. (Google). Die Abfrage \u00a0dient der Unterscheidung, ob die Eingabe durch einen Menschen oder \u00a0missbr\u00e4uchlich durch automatisierte, maschinelle Verarbeitung erfolgt. \u00a0Die Abfrage schlie\u00dft den Versand der IP-Adresse und ggf. weiterer von \u00a0Google f\u00fcr den Dienst reCAPTCHA ben\u00f6tigter Daten an Google ein. Zu \u00a0diesem Zweck wird Ihre Eingabe an Google \u00fcbermittelt und dort weiter \u00a0verwendet. Ihre IP-Adresse wird von Google jedoch innerhalb von \u00a0Mitgliedstaaten der Europ\u00e4ischen Union oder in anderen Vertragsstaaten \u00a0des Abkommens \u00fcber den Europ\u00e4ischen Wirtschaftsraum zuvor gek\u00fcrzt. Nur \u00a0in Ausnahmef\u00e4llen wird die volle IP-Adresse an einen Server von Google \u00a0in den USA \u00fcbertragen und dort gek\u00fcrzt. Im Auftrag des Betreibers dieser \u00a0Website wird Google diese Informationen benutzen, um Ihre Nutzung \u00a0dieses Dienstes auszuwerten. Die im Rahmen von reCaptcha von Ihrem \u00a0Browser \u00fcbermittelte IP-Adresse wird nicht mit anderen Daten von Google \u00a0zusammengef\u00fchrt. F\u00fcr diese Daten gelten die abweichenden \u00a0Datenschutzbestimmungen des Unternehmens Google. Weitere Informationen \u00a0zu den Datenschutzrichtlinien von Google finden Sie unter: \u00a0https:\/\/www.google.com\/intl\/de\/policies\/privacy\/<\/p>\n<h2>5. G\u00e4stebuch<\/h2>\n<p>Sie k\u00f6nnen Nachrichten in unserem G\u00e4stebuch hinterlassen, die auf unserer Webseite f\u00fcr jeden Besucher einsehbar sein werden. Hierbei ist es erforderlich, dass Sie Ihren Namen angeben. Die Verarbeitung Ihrer Daten im G\u00e4stebuch erfolgt aufgrund einer (mutma\u00dflichen) Einwilligung gem. Art. 6 Abs. 1 lit.a) DS-GVO; Sie k\u00f6nnen Ihre Einwilligung jederzeit widerrufen. Nach Widerruf werden Ihre Beitr\u00e4ge aus dem G\u00e4stebuch gel\u00f6scht.<\/p>\n<h2>6. Auftritte in sozialen Medien<\/h2>\n<p>Wir unterhalten Auftritte in sozialen Medien, um dort mit Kunden und \u00a0Interessenten kommunizieren und diese informieren zu k\u00f6nnen. Bei Aufruf \u00a0der jeweiligen Netzwerke gelten die Bedingungen der Betreiber.<\/p>\n<h2>7. Auftragsverarbeitung und Empf\u00e4nger von Daten<\/h2>\n<p>Teilweise bedienen wir uns zur Verarbeitung Ihrer Daten externer \u00a0Dienstleister, welche an unsere Weisungen gebunden sind. Diese wurden \u00a0sorgf\u00e4ltig von uns ausgew\u00e4hlt, beauftragt<\/p>\n<p>und werden regelm\u00e4\u00dfig \u00a0kontrolliert. Den Beauftragungen zugrunde liegen Vereinbarungen \u00fcber die \u00a0Auftragsverarbeitung nach Ma\u00dfgabe des Art. 28 DS-GVO. Eine \u00a0eigenst\u00e4ndige Verarbeitung zu eigenen Zwecken findet durch die \u00a0Auftragsverarbeiter nicht statt.<\/p>\n<p>Zum Betrieb dieses \u00a0Webangebots bedienen wir uns eines Hostinganbieters, der in unserem \u00a0Auftrag und auf Grundlage unserer berechtigten Interessen an einer \u00a0effizienten und sicheren Zurverf\u00fcgungstellung dieses Onlineangebotes \u00a0gem. Art. 6 Abs. 1 S. 1 lit. f), 28 DS-GVO Bestandsdaten, Kontaktdaten, \u00a0Inhaltsdaten, Vertragsdaten, Nutzungsdaten, Meta- und \u00a0Kommunikationsdaten von Besuchern oder Kunden dieses Webangebots \u00a0verarbeitet.<\/p>\n<h2>8. Ihre Rechte<\/h2>\n<p>Sie k\u00f6nnen nach Ma\u00dfgabe der gesetzlichen Vorschriften die folgenden \u00a0unentgeltlichen Rechte gegen\u00fcber dem Verantwortlichen der \u00a0Datenverarbeitung geltend machen:<\/p>\n<ul>\n<li>Recht auf Auskunft (Art. 15 DS-GVO);<\/li>\n<li>Recht auf Berichtigung oder L\u00f6schung (Art. 16 und Art. 17 DS-GVO);<\/li>\n<li>Recht auf Einschr\u00e4nkung der Verarbeitung (Art. 18 DS-GVO);<\/li>\n<li>Recht auf Daten\u00fcbertragbarkeit (Art. 20 DS-GVO);<\/li>\n<li>Recht auf Widerspruch gegen die Verarbeitung (Art. 21 DS-GVO).<\/li>\n<\/ul>\n<p>Sie \u00a0haben zudem das Recht, sich bei einer Datenschutz-Aufsichtsbeh\u00f6rde \u00fcber \u00a0die Verarbeitung Ihrer personenbezogenen Daten durch den \u00a0Verantwortlichen zu beschweren.<\/p>\n<h2>B. Cookies und eingebundene Angebote Dritter<\/h2>\n<p>F\u00fcr unseren Internetauftritt nutzen wir die Technik der Cookies. \u00a0Cookies sind kleine Textdateien, die im Rahmen Ihres Besuchs unserer \u00a0Webseiten von unserem Webserver an Ihren Browser gesandt und von diesem \u00a0auf Ihrem Rechner f\u00fcr einen sp\u00e4teren Abruf vorgehalten werden. Ob \u00a0Cookies gesetzt und abgerufen werden k\u00f6nnen, k\u00f6nnen Sie durch die \u00a0Einstellungen in Ihrem Browser selbst bestimmen. Sie k\u00f6nnen in Ihrem \u00a0Browser etwa das Speichern von Cookies g\u00e4nzlich deaktivieren, es auf \u00a0bestimmte Webseiten beschr\u00e4nken oder Ihren Browser so konfigurieren, \u00a0dass er Sie automatisch benachrichtigt, sobald ein Cookie gesetzt werden \u00a0soll und Sie um R\u00fcckmeldung dazu bittet. Andere, dauerhafte Cookies<\/p>\n<p>k\u00f6nnen \u00a0nach Ihrem Besuch auf Ihrem Computer gespeichert werden, und unsere \u00a0Webseite kann jedes Mal, wenn Sie unsere Webseiten erneut besuchen, auf \u00a0sie zugreifen (sog. \u201eID Cookies\u201c). Einige Cookies, die bei Ihrem Besuch \u00a0unserer Webseiten gespeichert werden, k\u00f6nnen von anderen Unternehmen \u00a0gespeichert und abgerufen werden. Cookies k\u00f6nnen keine Programme \u00a0ausf\u00fchren oder Viren auf Ihren Computer \u00fcbertragen.<\/p>\n<p>Wir setzen \u00a0sog. Session-Cookies (auch als tempor\u00e4re Cookies bezeichnet) ein, also \u00a0solche, die ausschlie\u00dflich f\u00fcr die Dauer Ihrer Nutzung einer unserer \u00a0Webseiten zwischengespeichert werden. F\u00fcr den vollen Funktionsumfang \u00a0unseres Internetauftritts ist es aus technischen Gr\u00fcnden erforderlich, \u00a0die genannten Session Cookies zuzulassen. Denn Zweck dieser Cookies ist, \u00a0Ihren Rechner w\u00e4hrend eines Besuchs unseres Internetauftritts beim \u00a0Wechsel von einer unserer Webseiten zu einer anderen unserer Webseiten \u00a0weiterhin zu identifizieren und das Ende Ihres Besuchs feststellen zu \u00a0k\u00f6nnen. \u00a0Persistente Cookies werden automatisiert nach einer \u00a0vorgegebenen Dauer gel\u00f6scht, die sich je nach Cookie unterscheiden kann. \u00a0Sie k\u00f6nnen die Cookies in den Sicherheitseinstellungen Ihres Browsers \u00a0jederzeit l\u00f6schen.<\/p>\n<p>Rechtsgrundlage f\u00fcr die Verwendung von Cookies ist Art. 6 Abs. 1 S. 1 lit. f) DS-GVO, soweit nicht anderweitig angegeben.<\/p>\n<h2>Third-Party-Cookies<\/h2>\n<p>Sie k\u00f6nnen Ihre Browser-Einstellung entsprechend Ihren W\u00fcnschen \u00a0konfigurieren und z. B. die Annahme von Third-Party-Cookies oder allen \u00a0Cookies ablehnen. Bitte beachten Sie die unter den nachfolgenden Punkten \u00a0aufgef\u00fchrten Hinweise \u00fcber Third-Party-Cookies.<\/p>\n<h2>1. Google Analytics<\/h2>\n<p>Bei Google Analytics handelt es sich um einen Webanalysedienst der \u00a0Google LLC, 1600 Amphitheatre Parkway, Mountain View, CA 94043, USA \u00a0(\u201eGoogle\u201c). Google verwendet hierbei Cookies. Die durch Cookies \u00a0erzeugten Informationen \u00fcber Benutzung des Onlineangebotes durch die \u00a0Nutzer werden in der Regel an einen Server von Google in den USA \u00a0\u00fcbertragen und dort gespeichert. Google ist unter dem \u00a0Privacy-Shield-Abkommen zertifiziert und bietet hierdurch eine Garantie, \u00a0das europ\u00e4ische Datenschutzrecht einzuhalten \u00a0(https:\/\/www.privacyshield.gov\/participant?id=a2zt000000001L5AAI&amp;status=Active).<\/p>\n<p>Wir weisen Sie darauf hin, dass auf dieser Webseite Google \u00a0Analytics um den Code \u201eanonymizeIp\u201c erweitert wurde, um eine \u00a0anonymisierte Erfassung von IP-Adressen (sog. IP-Masking) zu \u00a0gew\u00e4hrleisten. Durch die Aktivierung der IP-Anonymisierung auf unserer \u00a0Webseite, wird Ihre IP-Adresse von Google innerhalb von Mitgliedstaaten \u00a0der Europ\u00e4ischen Union oder in anderen Vertragsstaaten des Abkommens \u00a0\u00fcber den Europ\u00e4ischen Wirtschaftsraum (EWR) zuvor gek\u00fcrzt. Nur in \u00a0Ausnahmef\u00e4llen wird die volle IP-Adresse an einen Server von Google in \u00a0den USA \u00fcbertragen und dort gek\u00fcrzt. In unserem Auftrag wird Google \u00a0diese Informationen benutzen, um Ihre Nutzung der Webseite auszuwerten, \u00a0um Reports \u00fcber die Webseitenaktivit\u00e4ten zusammenzustellen, und um \u00a0weitere, mit der Webseitennutzung und der Internetnutzung verbundene \u00a0Dienstleistungen gegen\u00fcber dem Webseitenbetreiber zu erbringen. Die im \u00a0Rahmen von Google Analytics von Ihrem Browser \u00fcbermittelte IP-Adresse \u00a0wird nicht mit anderen Daten von Google zusammengef\u00fchrt. Dabei k\u00f6nnen \u00a0aus den verarbeiteten Daten pseudonyme Nutzungsprofile der Nutzer \u00a0erstellt werden. Die von Ihrem Browser \u00fcbermittelte IP-Adresse wird \u00a0nicht mit anderen Daten von Google zusammengef\u00fchrt. \u00a0Sie k\u00f6nnen die \u00a0Erfassung der durch das Cookie erzeugten und auf ihre Nutzung des \u00a0Onlineangebotes bezogenen Daten an Google sowie die Verarbeitung dieser \u00a0Daten durch Google verhindern, indem Sie das unter folgendem Link \u00a0verf\u00fcgbare Browser-Plugin herunterladen und installieren: \u00a0http:\/\/tools.google.com\/dlpage\/gaoptout?hl=de. Weitere Informationen zur \u00a0Datennutzung durch Google, Einstellungs- und Widerspruchsm\u00f6glichkeiten \u00a0erfahren Sie auf den Webseiten von Google unter \u00a0https:\/\/www.google.com\/intl\/de\/policies\/privacy\/partners sowie unter \u00a0http:\/\/www.google.com\/policies\/technologies\/ads und \u00a0http:\/\/www.google.de\/settings\/ads<\/p>\n<h2>2. Google Maps<\/h2>\n<p>Wir nutzen auf unserer Webseite das Angebot Google Maps. Dieser \u00a0Dienst wird von der Betreiberin Google LLC (\u201eGoogle\u201c), Amphitheatre \u00a0Parkway, Mountain View, CA 94043, USA, zur Verf\u00fcgung gestellt. Das \u00a0Angebot erm\u00f6glicht es Ihnen, dass wir Ihnen \u00a0interaktive Karten direkt \u00a0auf unserer Webseite anzeigen. Durch den Besuch auf unserer Website \u00a0erh\u00e4lt Google die Information, dass Sie die entsprechende Unterseite \u00a0unserer Webseite aufgerufen haben. Dies erfolgt unabh\u00e4ngig davon, ob \u00a0Google ein Nutzerkonto bereitstellt, \u00fcber das Sie eingeloggt sind, oder \u00a0ob kein Nutzerkonto besteht. Wenn Sie bei Google eingeloggt sind, werden \u00a0Ihre Daten direkt<\/p>\n<p>Ihrem Konto zugeordnet. Wenn Sie die Zuordnung \u00a0mit Ihrem Profil bei Google nicht w\u00fcnschen, m\u00fcssen Sie sich vor \u00a0Aktivierung des Buttons ausloggen. Google speichert Ihre Daten als \u00a0Nutzungsprofile und nutzt sie f\u00fcr Zwecke der Werbung, Marktforschung \u00a0und\/oder bedarfsgerechten Gestaltung seiner Website. Eine solche \u00a0Auswertung erfolgt insbesondere (selbst f\u00fcr nicht eingeloggte Nutzer) \u00a0zur Erbringung von bedarfsgerechter Werbung und um andere Nutzer des \u00a0sozialen Netzwerks \u00fcber Ihre Aktivit\u00e4ten auf unserer Website zu \u00a0informieren. Ihnen steht ein Widerspruchsrecht zu gegen die Bildung \u00a0dieser Nutzerprofile, wobei Sie sich zur Aus\u00fcbung dessen an Google \u00a0richten m\u00fcssen. Weitere Informationen zu Zweck und Umfang der \u00a0Datenerhebung und ihrer Verarbeitung durch den Plug-in-Anbieter erhalten \u00a0Sie in den Datenschutzerkl\u00e4rungen des Anbieters. Dort erhalten Sie auch \u00a0weitere Informationen zu Ihren diesbez\u00fcglichen Rechten und \u00a0Einstellungsm\u00f6glichkeiten zum Schutze Ihrer Privatsph\u00e4re: \u00a0http:\/\/www.google.de\/intl\/de\/policies\/privacy. Google verarbeitet Ihre \u00a0personenbezogenen Daten auch in den USA und hat sich dem EU-US Privacy \u00a0Shield unterworfen, https:\/\/www.privacyshield.gov\/EU-US-Framework.<\/p>\n<h2>3. Social Plugins<\/h2>\n<p>Zum Schutze Ihrer Daten setzen wir bei der Implementierung von Social Plugins auf die \u201eShariff\u201c-L\u00f6sung. Hierdurch werden die Plugins auf der \u00a0Webseite lediglich als Grafik dargestellt, die eine Verlinkung auf die \u00a0entsprechende Webseite des Plugin-Anbieters beinhaltet. Durch Anklicken \u00a0der Grafik werden Sie somit zu den jeweiligen Diensten der Anbieter \u00a0weitergeleitet. Erst dann werden ihre Daten an die jeweiligen Dienste \u00a0gesendet. Sofern Sie die Grafik nicht anklicken, findet keinerlei \u00a0Austausch zwischen Ihnen und den oben genannten Sozialen Netzwerken \u00a0statt. Rechtsgrundlage f\u00fcr die Verwendung von Social Plugins ist Art. 6 \u00a0Abs. 1 lit. f DS-GVO.<\/p>\n<p>Wir setzen derzeit folgende Social-Media-Plug-ins \u00a0ein: [Facebook,Google+,twitter,Pinterest,Xing, LinkedIn].<\/p>\n<p>Wir nutzen dabei die sog. Zwei-Klick-L\u00f6sung. Das hei\u00dft, wenn Sie unsere Seite besuchen, werden \u00a0zun\u00e4chst grunds\u00e4tzlich keine personenbezogenen Daten an die Anbieter der \u00a0Plug-ins weitergegeben. Den Anbieter des Plug-ins erkennen Sie \u00fcber die \u00a0Markierung auf dem Kasten \u00fcber seinen Anfangsbuchstaben oder das Logo.<\/p>\n<p>Wir er\u00f6ffnen Ihnen die M\u00f6glichkeit, \u00fcber den Button direkt mit dem \u00a0Anbieter des Plug-ins zu kommunizieren. Nur wenn Sie auf das markierte \u00a0Feld klicken und es dadurch aktivieren, erh\u00e4lt der Plug-in-Anbieter die \u00a0Information, dass Sie die entsprechende Website unseres Online-Angebots \u00a0aufgerufen haben. Im Fall von Facebook und Xing wird nach Angaben der jeweiligen \u00a0Anbieter in Deutschland die IP-Adresse sofort nach Erhebung \u00a0anonymisiert. Durch die Aktivierung des Plug-ins werden also \u00a0personenbezogene Daten von Ihnen an den jeweiligen Plug-in-Anbieter \u00a0\u00fcbermittelt und dort (bei US-amerikanischen Anbietern in den USA) \u00a0gespeichert. Da der Plug-in-Anbieter die Datenerhebung insbesondere \u00fcber Cookies vornimmt, empfehlen wir Ihnen, vor dem Klick auf den \u00a0ausgegrauten Kasten \u00fcber die Sicherheitseinstellungen Ihres Browsers \u00a0alle Cookies zu l\u00f6schen.<\/p>\n<p>Wir haben weder Einfluss auf die erhobenen \u00a0Daten und Datenverarbeitungsvorg\u00e4nge, noch sind uns der volle Umfang der Datenerhebung, die Zwecke der Verarbeitung, die Speicherfristen bekannt. Auch zur L\u00f6schung der erhobenen Daten durch den Plug-in-Anbieter liegen uns keine Informationen vor. Der \u00a0Plug-in-Anbieter speichert die \u00fcber Sie erhobenen Daten als \u00a0Nutzungsprofile und nutzt diese f\u00fcr Zwecke der Werbung, Marktforschung \u00a0und\/oder bedarfsgerechten Gestaltung seiner Website. Eine solche \u00a0Auswertung erfolgt insbesondere (auch f\u00fcr nicht eingeloggte Nutzer) zur \u00a0Darstellung von bedarfsgerechter Werbung und um andere Nutzer des \u00a0sozialen Netzwerks \u00fcber Ihre Aktivit\u00e4ten auf unserer Website zu \u00a0informieren.<\/p>\n<p>Ihnen steht ein Widerspruchsrecht gegen die Bildung dieser \u00a0Nutzerprofile zu, wobei Sie sich zur Aus\u00fcbung dessen an den jeweiligen Plug-in-Anbieter wenden m\u00fcssen. \u00dcber die Plug-ins bietet wir Ihnen die \u00a0M\u00f6glichkeit, mit den sozialen Netzwerken und anderen Nutzern zu \u00a0interagieren, so dass wir unser Angebot verbessern und f\u00fcr Sie als \u00a0Nutzer interessanter ausgestalten k\u00f6nnen. Rechtsgrundlage f\u00fcr die \u00a0Nutzung der Plug-ins ist Art. 6 Abs. 1 S. 1 lit. f DS-GVO. Die Datenweitergabe erfolgt unabh\u00e4ngig davon, ob Sie ein Konto bei dem \u00a0Plug-in-Anbieter besitzen und dort eingeloggt sind. Wenn Sie bei dem Plug-in-Anbieter eingeloggt sind, werden Ihre bei uns erhobenen Daten \u00a0direkt Ihrem beim Plug-in-Anbieter bestehenden Konto zugeordnet. Wenn \u00a0Sie den aktivierten Button bet\u00e4tigen und z. B. die Seite verlinken, speichert der Plug-in-Anbieter auch diese Information in Ihrem \u00a0Nutzerkonto und teilt sie Ihren Kontakten \u00f6ffentlich mit. Wir empfehlen \u00a0Ihnen, sich nach Nutzung eines sozialen Netzwerks regelm\u00e4\u00dfig \u00a0auszuloggen, insbesondere jedoch vor Aktivierung des Buttons, da \u00a0Sie so eine Zuordnung zu Ihrem Profil bei dem Plug-in-Anbieter vermeiden \u00a0k\u00f6nnen.<\/p>\n<p>Weitere Informationen zu Zweck und Umfang der Datenerhebung \u00a0und ihrer Verarbeitung durch den Plug-in-Anbieter erhalten Sie in den im \u00a0Folgenden mitgeteilten Datenschutzerkl\u00e4rungen dieser Anbieter. Dort \u00a0erhalten Sie auch weitere Informationen zu Ihren diesbez\u00fcglichen Rechten \u00a0und Einstellungsm\u00f6glichkeiten zum Schutze Ihrer Privatsph\u00e4re. \u00a0Adressen \u00a0der jeweiligen Plug-in-Anbieter und URL mit deren Datenschutzhinweisen:<\/p>\n<p>a. [<strong>Facebook<\/strong>Inc., 1601 S California Ave, Palo Alto, \u00a0California 94304, USA; http:\/\/www.facebook.com\/policy.php; weitere \u00a0Informationen zur Datenerhebung: \u00a0http:\/\/www.facebook.com\/help\/186325668085084, \u00a0http:\/\/www.facebook.com\/about\/privacy\/your-info-on-other#applications \u00a0sowie http:\/\/www.facebook.com\/about\/privacy\/your-info#everyoneinfo.<\/p>\n<p>b. <strong>Xing <\/strong>AG, G\u00e4nsemarkt 43, 20354 Hamburg, DE; http:\/\/www.xing.com\/privacy.<\/p>\n<p>c. <strong>LinkedIn<\/strong>Corporation, 2029 Stierlin Court, Mountain View, California \u00a094043, USA; http:\/\/www.linkedin.com\/legal\/privacy-policy.<\/p>\n<p>d. <strong>Google+<\/strong>, angeboten durch die Google LLC, 1600 Amphitheatre Parkway, \u00a0Mountain View, CA 94043, USA. \u00a0Weitere Informationen zur Datennutzung \u00a0durch Google, Einstellungs- und Widerspruchsm\u00f6glichkeiten, erfahren Sie \u00a0in der Datenschutzerkl\u00e4rung von Google \u00a0(https:\/\/policies.google.com\/technologies\/ads) und unter \u00a0(https:\/\/adssettings.google.com\/authenticated).<\/p>\n<p>e. <strong>Twitter<\/strong>Inc., 1355 Market Street, Suite 900, San Francisco, CA 94103, \u00a0USA. Datenschutzerkl\u00e4rung: https:\/\/twitter.com\/de\/privacy, \u00a0https:\/\/twitter.com\/personalization.<\/p>\n<p>f.\u00a0<strong>Pinterest\u00a0<\/strong>Pinterest Europe Ltd.,Palmerston House, 2nd Floor,Fenian Street,Dublin 2, Ireland :\u00a0https:\/\/policy.pinterest.com\/de\/privacy-policy<\/p>\n","protected":false},"excerpt":{"rendered":"<p>A. Datenschutzerkl\u00e4rung f\u00fcr den Internetauftritt von www.oleradach.de.com 1. Gegenstand dieser Datenschutzerkl\u00e4rung Wir freuen uns \u00fcber Ihr Interesse an unserem Internetauftritt und \u00a0unseren Angeboten auf unseren Webseiten. Der Schutz Ihrer \u00a0personenbezogenen Daten (im Folgenden kurz &#8222;Daten\u201c) ist uns ein gro\u00dfes \u00a0und sehr wichtiges Anliegen. Nachfolgend m\u00f6chten wir Sie daher \u00a0ausf\u00fchrlich dar\u00fcber informieren, welche Daten bei Ihrem [&hellip;]<\/p>\n","protected":false},"author":1,"featured_media":0,"parent":0,"menu_order":6,"comment_status":"closed","ping_status":"closed","template":"","meta":{"footnotes":""},"class_list":["post-4078","page","type-page","status-publish","hentry"],"yoast_head":"<!-- This site is optimized with the Yoast SEO plugin v27.4 - https:\/\/yoast.com\/product\/yoast-seo-wordpress\/ -->\n<title>Datenschutzerkl\u00e4rung | Ole Radach - Fotograf Koeln<\/title>\n<meta name=\"robots\" content=\"index, follow, max-snippet:-1, max-image-preview:large, max-video-preview:-1\" \/>\n<link rel=\"canonical\" href=\"https:\/\/www.oleradach.de\/fotograf-koeln\/datenschutzerklaerung\/\" \/>\n<meta property=\"og:locale\" content=\"de_DE\" \/>\n<meta property=\"og:type\" content=\"article\" \/>\n<meta property=\"og:title\" content=\"Datenschutzerkl\u00e4rung | Ole Radach - Fotograf Koeln\" \/>\n<meta property=\"og:description\" content=\"A. Datenschutzerkl\u00e4rung f\u00fcr den Internetauftritt von www.oleradach.de.com 1. Gegenstand dieser Datenschutzerkl\u00e4rung Wir freuen uns \u00fcber Ihr Interesse an unserem Internetauftritt und \u00a0unseren Angeboten auf unseren Webseiten. Der Schutz Ihrer \u00a0personenbezogenen Daten (im Folgenden kurz &#8222;Daten\u201c) ist uns ein gro\u00dfes \u00a0und sehr wichtiges Anliegen. Nachfolgend m\u00f6chten wir Sie daher \u00a0ausf\u00fchrlich dar\u00fcber informieren, welche Daten bei Ihrem [&hellip;]\" \/>\n<meta property=\"og:url\" content=\"https:\/\/www.oleradach.de\/fotograf-koeln\/datenschutzerklaerung\/\" \/>\n<meta property=\"og:site_name\" content=\"Ole Radach - Fotograf Koeln\" \/>\n<meta property=\"article:modified_time\" content=\"2020-02-11T14:20:48+00:00\" \/>\n<meta name=\"twitter:card\" content=\"summary_large_image\" \/>\n<meta name=\"twitter:label1\" content=\"Gesch\u00e4tzte Lesezeit\" \/>\n\t<meta name=\"twitter:data1\" content=\"13\u00a0Minuten\" \/>\n<script type=\"application\/ld+json\" class=\"yoast-schema-graph\">{\"@context\":\"https:\\\/\\\/schema.org\",\"@graph\":[{\"@type\":\"WebPage\",\"@id\":\"https:\\\/\\\/www.oleradach.de\\\/fotograf-koeln\\\/datenschutzerklaerung\\\/\",\"url\":\"https:\\\/\\\/www.oleradach.de\\\/fotograf-koeln\\\/datenschutzerklaerung\\\/\",\"name\":\"Datenschutzerkl\u00e4rung | Ole Radach - Fotograf Koeln\",\"isPartOf\":{\"@id\":\"https:\\\/\\\/www.oleradach.de\\\/fotograf-koeln\\\/#website\"},\"datePublished\":\"2018-07-09T12:43:11+00:00\",\"dateModified\":\"2020-02-11T14:20:48+00:00\",\"breadcrumb\":{\"@id\":\"https:\\\/\\\/www.oleradach.de\\\/fotograf-koeln\\\/datenschutzerklaerung\\\/#breadcrumb\"},\"inLanguage\":\"de\",\"potentialAction\":[{\"@type\":\"ReadAction\",\"target\":[\"https:\\\/\\\/www.oleradach.de\\\/fotograf-koeln\\\/datenschutzerklaerung\\\/\"]}]},{\"@type\":\"BreadcrumbList\",\"@id\":\"https:\\\/\\\/www.oleradach.de\\\/fotograf-koeln\\\/datenschutzerklaerung\\\/#breadcrumb\",\"itemListElement\":[{\"@type\":\"ListItem\",\"position\":1,\"name\":\"Home\",\"item\":\"https:\\\/\\\/www.oleradach.de\\\/fotograf-koeln\\\/\"},{\"@type\":\"ListItem\",\"position\":2,\"name\":\"Datenschutzerkl\u00e4rung\"}]},{\"@type\":\"WebSite\",\"@id\":\"https:\\\/\\\/www.oleradach.de\\\/fotograf-koeln\\\/#website\",\"url\":\"https:\\\/\\\/www.oleradach.de\\\/fotograf-koeln\\\/\",\"name\":\"Ole Radach - Fotograf Koeln\",\"description\":\"Businessfotos Praxisfotos und mehr\",\"publisher\":{\"@id\":\"https:\\\/\\\/www.oleradach.de\\\/fotograf-koeln\\\/#organization\"},\"potentialAction\":[{\"@type\":\"SearchAction\",\"target\":{\"@type\":\"EntryPoint\",\"urlTemplate\":\"https:\\\/\\\/www.oleradach.de\\\/fotograf-koeln\\\/?s={search_term_string}\"},\"query-input\":{\"@type\":\"PropertyValueSpecification\",\"valueRequired\":true,\"valueName\":\"search_term_string\"}}],\"inLanguage\":\"de\"},{\"@type\":\"Organization\",\"@id\":\"https:\\\/\\\/www.oleradach.de\\\/fotograf-koeln\\\/#organization\",\"name\":\"Ole Radach Fotograf Koeln\",\"url\":\"https:\\\/\\\/www.oleradach.de\\\/fotograf-koeln\\\/\",\"logo\":{\"@type\":\"ImageObject\",\"inLanguage\":\"de\",\"@id\":\"https:\\\/\\\/www.oleradach.de\\\/fotograf-koeln\\\/#\\\/schema\\\/logo\\\/image\\\/\",\"url\":\"https:\\\/\\\/www.oleradach.de\\\/wp-content\\\/uploads\\\/2018\\\/03\\\/Logo_gold-Ole-Radach-fotograf200px.jpg\",\"contentUrl\":\"https:\\\/\\\/www.oleradach.de\\\/wp-content\\\/uploads\\\/2018\\\/03\\\/Logo_gold-Ole-Radach-fotograf200px.jpg\",\"width\":\"171\",\"height\":\"200\",\"caption\":\"Ole Radach Fotograf Koeln\"},\"image\":{\"@id\":\"https:\\\/\\\/www.oleradach.de\\\/fotograf-koeln\\\/#\\\/schema\\\/logo\\\/image\\\/\"}}]}<\/script>\n<!-- \/ Yoast SEO plugin. -->","yoast_head_json":{"title":"Datenschutzerkl\u00e4rung | Ole Radach - Fotograf Koeln","robots":{"index":"index","follow":"follow","max-snippet":"max-snippet:-1","max-image-preview":"max-image-preview:large","max-video-preview":"max-video-preview:-1"},"canonical":"https:\/\/www.oleradach.de\/fotograf-koeln\/datenschutzerklaerung\/","og_locale":"de_DE","og_type":"article","og_title":"Datenschutzerkl\u00e4rung | Ole Radach - Fotograf Koeln","og_description":"A. Datenschutzerkl\u00e4rung f\u00fcr den Internetauftritt von www.oleradach.de.com 1. Gegenstand dieser Datenschutzerkl\u00e4rung Wir freuen uns \u00fcber Ihr Interesse an unserem Internetauftritt und \u00a0unseren Angeboten auf unseren Webseiten. Der Schutz Ihrer \u00a0personenbezogenen Daten (im Folgenden kurz &#8222;Daten\u201c) ist uns ein gro\u00dfes \u00a0und sehr wichtiges Anliegen. Nachfolgend m\u00f6chten wir Sie daher \u00a0ausf\u00fchrlich dar\u00fcber informieren, welche Daten bei Ihrem [&hellip;]","og_url":"https:\/\/www.oleradach.de\/fotograf-koeln\/datenschutzerklaerung\/","og_site_name":"Ole Radach - Fotograf Koeln","article_modified_time":"2020-02-11T14:20:48+00:00","twitter_card":"summary_large_image","twitter_misc":{"Gesch\u00e4tzte Lesezeit":"13\u00a0Minuten"},"schema":{"@context":"https:\/\/schema.org","@graph":[{"@type":"WebPage","@id":"https:\/\/www.oleradach.de\/fotograf-koeln\/datenschutzerklaerung\/","url":"https:\/\/www.oleradach.de\/fotograf-koeln\/datenschutzerklaerung\/","name":"Datenschutzerkl\u00e4rung | Ole Radach - Fotograf Koeln","isPartOf":{"@id":"https:\/\/www.oleradach.de\/fotograf-koeln\/#website"},"datePublished":"2018-07-09T12:43:11+00:00","dateModified":"2020-02-11T14:20:48+00:00","breadcrumb":{"@id":"https:\/\/www.oleradach.de\/fotograf-koeln\/datenschutzerklaerung\/#breadcrumb"},"inLanguage":"de","potentialAction":[{"@type":"ReadAction","target":["https:\/\/www.oleradach.de\/fotograf-koeln\/datenschutzerklaerung\/"]}]},{"@type":"BreadcrumbList","@id":"https:\/\/www.oleradach.de\/fotograf-koeln\/datenschutzerklaerung\/#breadcrumb","itemListElement":[{"@type":"ListItem","position":1,"name":"Home","item":"https:\/\/www.oleradach.de\/fotograf-koeln\/"},{"@type":"ListItem","position":2,"name":"Datenschutzerkl\u00e4rung"}]},{"@type":"WebSite","@id":"https:\/\/www.oleradach.de\/fotograf-koeln\/#website","url":"https:\/\/www.oleradach.de\/fotograf-koeln\/","name":"Ole Radach - Fotograf Koeln","description":"Businessfotos Praxisfotos und mehr","publisher":{"@id":"https:\/\/www.oleradach.de\/fotograf-koeln\/#organization"},"potentialAction":[{"@type":"SearchAction","target":{"@type":"EntryPoint","urlTemplate":"https:\/\/www.oleradach.de\/fotograf-koeln\/?s={search_term_string}"},"query-input":{"@type":"PropertyValueSpecification","valueRequired":true,"valueName":"search_term_string"}}],"inLanguage":"de"},{"@type":"Organization","@id":"https:\/\/www.oleradach.de\/fotograf-koeln\/#organization","name":"Ole Radach Fotograf Koeln","url":"https:\/\/www.oleradach.de\/fotograf-koeln\/","logo":{"@type":"ImageObject","inLanguage":"de","@id":"https:\/\/www.oleradach.de\/fotograf-koeln\/#\/schema\/logo\/image\/","url":"https:\/\/www.oleradach.de\/wp-content\/uploads\/2018\/03\/Logo_gold-Ole-Radach-fotograf200px.jpg","contentUrl":"https:\/\/www.oleradach.de\/wp-content\/uploads\/2018\/03\/Logo_gold-Ole-Radach-fotograf200px.jpg","width":"171","height":"200","caption":"Ole Radach Fotograf Koeln"},"image":{"@id":"https:\/\/www.oleradach.de\/fotograf-koeln\/#\/schema\/logo\/image\/"}}]}},"_links":{"self":[{"href":"https:\/\/www.oleradach.de\/fotograf-koeln\/wp-json\/wp\/v2\/pages\/4078","targetHints":{"allow":["GET"]}}],"collection":[{"href":"https:\/\/www.oleradach.de\/fotograf-koeln\/wp-json\/wp\/v2\/pages"}],"about":[{"href":"https:\/\/www.oleradach.de\/fotograf-koeln\/wp-json\/wp\/v2\/types\/page"}],"author":[{"embeddable":true,"href":"https:\/\/www.oleradach.de\/fotograf-koeln\/wp-json\/wp\/v2\/users\/1"}],"replies":[{"embeddable":true,"href":"https:\/\/www.oleradach.de\/fotograf-koeln\/wp-json\/wp\/v2\/comments?post=4078"}],"version-history":[{"count":0,"href":"https:\/\/www.oleradach.de\/fotograf-koeln\/wp-json\/wp\/v2\/pages\/4078\/revisions"}],"wp:attachment":[{"href":"https:\/\/www.oleradach.de\/fotograf-koeln\/wp-json\/wp\/v2\/media?parent=4078"}],"curies":[{"name":"wp","href":"https:\/\/api.w.org\/{rel}","templated":true}]}}